{"version":"1.0","provider_name":"GTV","provider_url":"https:\/\/gebruederthonetvienna.com\/es\/","author_name":"Giulia Cabrini","author_url":"https:\/\/gebruederthonetvienna.com\/es\/author\/giulia-cabrini\/","title":"Suzenne Sofa - GTV","type":"rich","width":600,"height":338,"html":"<blockquote class=\"wp-embedded-content\" data-secret=\"IQhsaT5bP0\"><a href=\"https:\/\/gebruederthonetvienna.com\/es\/prodotti\/suzenne-sofa-3\/\">Suzenne Sofa<\/a><\/blockquote><iframe sandbox=\"allow-scripts\" security=\"restricted\" src=\"https:\/\/gebruederthonetvienna.com\/es\/prodotti\/suzenne-sofa-3\/embed\/#?secret=IQhsaT5bP0\" width=\"600\" height=\"338\" title=\"\u00abSuzenne Sofa\u00bb \u2014 GTV\" data-secret=\"IQhsaT5bP0\" frameborder=\"0\" marginwidth=\"0\" marginheight=\"0\" scrolling=\"no\" class=\"wp-embedded-content\"><\/iframe><script>\n\/*! This file is auto-generated *\/\n!function(d,l){\"use strict\";l.querySelector&&d.addEventListener&&\"undefined\"!=typeof URL&&(d.wp=d.wp||{},d.wp.receiveEmbedMessage||(d.wp.receiveEmbedMessage=function(e){var t=e.data;if((t||t.secret||t.message||t.value)&&!\/[^a-zA-Z0-9]\/.test(t.secret)){for(var s,r,n,a=l.querySelectorAll('iframe[data-secret=\"'+t.secret+'\"]'),o=l.querySelectorAll('blockquote[data-secret=\"'+t.secret+'\"]'),c=new RegExp(\"^https?:$\",\"i\"),i=0;i<o.length;i++)o[i].style.display=\"none\";for(i=0;i<a.length;i++)s=a[i],e.source===s.contentWindow&&(s.removeAttribute(\"style\"),\"height\"===t.message?(1e3<(r=parseInt(t.value,10))?r=1e3:~~r<200&&(r=200),s.height=r):\"link\"===t.message&&(r=new URL(s.getAttribute(\"src\")),n=new URL(t.value),c.test(n.protocol))&&n.host===r.host&&l.activeElement===s&&(d.top.location.href=t.value))}},d.addEventListener(\"message\",d.wp.receiveEmbedMessage,!1),l.addEventListener(\"DOMContentLoaded\",function(){for(var e,t,s=l.querySelectorAll(\"iframe.wp-embedded-content\"),r=0;r<s.length;r++)(t=(e=s[r]).getAttribute(\"data-secret\"))||(t=Math.random().toString(36).substring(2,12),e.src+=\"#?secret=\"+t,e.setAttribute(\"data-secret\",t)),e.contentWindow.postMessage({message:\"ready\",secret:t},\"*\")},!1)))}(window,document);\n\/\/# sourceURL=https:\/\/gebruederthonetvienna.com\/wp-includes\/js\/wp-embed.min.js\n<\/script>\n","thumbnail_url":"https:\/\/gebruederthonetvienna.com\/wp-content\/uploads\/2025\/03\/copertina-1.png","thumbnail_width":476,"thumbnail_height":450,"description":"Gebr\u00fcder Thonet Vienna confirma la colaboraci\u00f3n con Chiara Andreatti con el nuevo sof\u00e1 de dos plazas SUZENNE SOFA que retoma las caracter\u00edsticas est\u00e9ticas de la hom\u00f3nima butaca. SUZENNE SOFA, un proyecto de esp\u00edritu contempor\u00e1neo, interpreta con el rasgo delicado de la dise\u00f1adora los elementos caracter\u00edsticos del ADN de Gebr\u00fcder Thonet Vienna, es decir, la madera [&hellip;]"}